{"id":182,"date":"2021-01-18T11:42:00","date_gmt":"2021-01-18T11:42:00","guid":{"rendered":"https:\/\/www.icanproject.eu\/sample-page\/"},"modified":"2023-04-21T09:51:56","modified_gmt":"2023-04-21T08:51:56","slug":"sample-page","status":"publish","type":"page","link":"https:\/\/www.icanproject.eu\/hu\/","title":{"rendered":"INTERNATIONAL CLIMATE ACTION NETWORK (I-CAN)"},"content":{"rendered":"<section class=\"av_textblock_section  av-small-hide av-mini-hide\"  itemscope=\"itemscope\" itemtype=\"https:\/\/schema.org\/CreativeWork\" ><div class='avia_textblock  '   itemprop=\"text\" >\n    <div id=\"wrapper-wp\">\n    <div id=\"main-ican\">\n    <div id=\"container-ican\">\n        <!-- <img decoding=\"async\" src=\"test_logo.png\"\/> -->\n        <div id=\"box-ican\"><\/div>\n    <\/div>\n<\/div>\n<\/div>\n\n<\/div><\/section>\n<\/div><\/div><\/div><!-- close content main div --><\/div><\/div><div id='av_section_1'  class='avia-section alternate_color avia-section-default avia-no-border-styling  avia-bg-style-scroll  avia-builder-el-1  el_after_av_textblock  el_before_av_section   av-arrow-down-section container_wrap fullsize' style=' '  ><div class='container' ><div class='template-page content  av-content-full alpha units'><div class='post-entry post-entry-type-page post-entry-182'><div class='entry-content-wrapper clearfix'>\n<div class='flex_column_table av-equal-height-column-flextable -flextable' ><div class=\"flex_column av_one_fourth  flex_column_table_cell av-equal-height-column av-align-middle av-zero-column-padding first  avia-builder-el-2  el_before_av_one_half  avia-builder-el-first  \" style='border-radius:0px; '><div  class='avia-image-container avia_animated_image avia_animate_when_almost_visible pop-up av-styling-    avia-builder-el-3  avia-builder-el-no-sibling  avia-align-right '  itemprop=\"image\" itemscope=\"itemscope\" itemtype=\"https:\/\/schema.org\/ImageObject\"  ><div class='avia-image-container-inner'><div class='avia-image-overlay-wrap'><img decoding=\"async\" class='wp-image-0 avia-img-lazy-loading-not-0 avia_image' src=\"https:\/\/www.icanproject.eu\/wp-content\/uploads\/2021\/01\/i.c.a.n.-logotype-finalist_FINAL-colori_png.png\" alt='' title=''   itemprop=\"thumbnailUrl\"  \/><\/div><\/div><\/div><\/div><div class='av-flex-placeholder'><\/div><div class=\"flex_column av_one_half  flex_column_table_cell av-equal-height-column av-align-middle av-zero-column-padding   avia-builder-el-4  el_after_av_one_fourth  el_before_av_one_fourth  \" style='border-radius:0px; '><p><div  style='padding-bottom:10px; ' class='av-special-heading av-special-heading-h1  blockquote modern-quote  avia-builder-el-5  el_before_av_textblock  avia-builder-el-first  '><h1 class='av-special-heading-tag '  itemprop=\"headline\"  >I-CAN \u2013 Nemzetk\u00f6zi Kl\u00edmav\u00e9delmi H\u00e1l\u00f3zat<\/h1><div class='special-heading-border'><div class='special-heading-inner-border' ><\/div><\/div><\/div><br \/>\n<section class=\"av_textblock_section \"  itemscope=\"itemscope\" itemtype=\"https:\/\/schema.org\/CreativeWork\" ><div class='avia_textblock  '   itemprop=\"text\" ><p>Az \u201eI-CAN \u2013 Nemzetk\u00f6zi Kl\u00edmav\u00e9delmi H\u00e1l\u00f3zat\u201d egy 30 h\u00f3napos, az EU Erasmus+ programja \u00e1ltal t\u00e1mogatott projekt. C\u00e9lja, hogy az \u00e9rdekl\u0151d\u0151 tan\u00e1rokat olyan tud\u00e1ssal, k\u00e9szs\u00e9gekkel \u00e9s k\u00e9pess\u00e9gekkel v\u00e9rtezze fel, melyek seg\u00edts\u00e9g\u00e9vel fejleszthetik tanul\u00f3ik kritikai gondolkod\u00e1s\u00e1t, \u00e9s \u00f6szt\u00f6n\u00f6zhetik tanul\u00f3ikat a kl\u00edmatudatos viselked\u00e9sre.<\/p>\n<p>A projekt a Liverpool World Centre (Liverpool, UK) vezet\u00e9s\u00e9vel \u00e9s az Anthropolis (Budapest, HU), a LABC S.R.L. (Torino, IT), a Le Partenariat (Lille, FR), az InterClimate Trust (Cheltenham, UK), \u00e9s a Diciannove Societ\u00e0 Cooperativa (Genova, IT) civil szervezetek k\u00f6zrem\u0171k\u00f6d\u00e9s\u00e9vel val\u00f3sul meg.<\/p>\n<\/div><\/section><\/p><\/div><div class='av-flex-placeholder'><\/div><div class=\"flex_column av_one_fourth  flex_column_table_cell av-equal-height-column av-align-middle av-zero-column-padding   avia-builder-el-7  el_after_av_one_half  avia-builder-el-last  \" style='border-radius:0px; '><p><div  class='avia-button-wrap avia-button-center  avia-builder-el-8  el_before_av_hr  avia-builder-el-first ' ><a href='#outputs'  class='avia-button  avia-color-green   avia-icon_select-no avia-size-x-large avia-position-center '   ><span class='avia_iconbox_title' >KIADV\u00c1NYOK<\/span><\/a><\/div><br \/>\n<div  style='height:50px' class='hr hr-invisible   avia-builder-el-9  el_after_av_button  el_before_av_button '><span class='hr-inner ' ><span class='hr-inner-style'><\/span><\/span><\/div><br \/>\n<div  class='avia-button-wrap avia-button-center  avia-builder-el-10  el_after_av_hr  avia-builder-el-last ' ><a href='#how'  class='avia-button   avia-icon_select-no avia-size-x-large avia-position-center '  style='background-color:#4bbae8; border-color:#4bbae8; color:#ffffff; ' ><span class='avia_iconbox_title' >C\u00c9LJAINK<\/span><\/a><\/div><\/p><\/div><\/div><!--close column table wrapper. Autoclose: 1 -->\n\n<\/div><\/div><\/div><!-- close content main div --><\/div><div class='av-extra-border-element border-extra-arrow-down'><div class='av-extra-border-outer'><div class='av-extra-border-inner'  style='background-color:#111111;' ><\/div><\/div><\/div><\/div><div id='project-summary'  class='avia-section alternate_color avia-section-default avia-no-border-styling  avia-full-stretch avia-bg-style-scroll  avia-builder-el-11  el_after_av_section  el_before_av_section   av-minimum-height av-minimum-height-custom  container_wrap fullsize' style='background-color: #ffffff; background-repeat: no-repeat; background-image: url(https:\/\/www.icanproject.eu\/wp-content\/uploads\/2021\/07\/earth-planet-in-hourglass-global-warming-concept-3d-illustration-DEF.png);background-attachment: scroll; background-position: top left;  '  data-section-bg-repeat='stretch'><div class='container' style='height:700px'><div class='template-page content  av-content-full alpha units'><div class='post-entry post-entry-type-page post-entry-182'><div class='entry-content-wrapper clearfix'>\n<div class=\"flex_column av_one_half  flex_column_div av-zero-column-padding first  avia-builder-el-12  avia-builder-el-no-sibling  text_green \" style='border-radius:0px; '><p><section class=\"av_textblock_section \"  itemscope=\"itemscope\" itemtype=\"https:\/\/schema.org\/CreativeWork\" ><div class='avia_textblock  av_inherit_color '  style='color:#000000; '  itemprop=\"text\" ><p><strong>Hat\u00e9konyabb tan\u00e1rok a kl\u00edmav\u00e9delem oktat\u00e1s\u00e1ban.<\/strong><\/p>\n<\/div><\/section><br \/>\n<div  style='padding-bottom:10px; margin:0 0 0 0; color:#000000;' class='av-special-heading av-special-heading-h1 custom-color-heading blockquote modern-quote  avia-builder-el-14  el_after_av_textblock  el_before_av_textblock  '><h1 class='av-special-heading-tag '  itemprop=\"headline\"  >I-CAN \u2013 Nemzetk\u00f6zi Kl\u00edmav\u00e9delmi H\u00e1l\u00f3zat<\/h1><div class='special-heading-border'><div class='special-heading-inner-border' style='border-color:#000000'><\/div><\/div><\/div><br \/>\n<section class=\"av_textblock_section \"  itemscope=\"itemscope\" itemtype=\"https:\/\/schema.org\/CreativeWork\" ><div class='avia_textblock  av_inherit_color '  style='color:#000000; '  itemprop=\"text\" ><p style=\"text-align: left;\">Ez a projekt azokat a tan\u00e1rokat, nevel\u0151ket k\u00f6ti \u00f6ssze, akik szeretn\u00e9k el\u00e9rni, hogy a di\u00e1kjaik kritikai megk\u00f6zel\u00edt\u00e9ssel gondolkodjanak a kl\u00edmav\u00e1ltoz\u00e1sr\u00f3l, \u00e9s akarjanak tenni egy fenntarthat\u00f3bb \u00e9s igazs\u00e1gosabb vil\u00e1g\u00e9rt. Francia, olasz, angol \u00e9s magyar tan\u00e1rok sz\u00e1m\u00e1ra hoztunk l\u00e9tre egy fel\u00fcletet, ahol oktat\u00e1si anyagokhoz juthatnak hozz\u00e1, \u00e9s amin kereszt\u00fcl h\u00e1l\u00f3zatot \u00e9p\u00edthetnek. A tan\u00e1rok megtanulj\u00e1k, hogyan modellezz\u00e9k le di\u00e1kjaikkal az ENSZ Kl\u00edmakonferenci\u00e1it, majd azok eredm\u00e9ny\u00e9t megoszthatj\u00e1k m\u00e1s iskol\u00e1kkal, \u00f6nkorm\u00e1nyzatokkal, tan\u00e1rjel\u00f6ltekkel Eur\u00f3pa szerte.<\/p>\n<\/div><\/section><\/p><\/div>\n\n<\/div><\/div><\/div><!-- close content main div --><\/div><\/div><div id='sharing_home'  class='avia-section alternate_color avia-section-default avia-no-border-styling  avia-full-stretch avia-bg-style-scroll  avia-builder-el-16  el_after_av_section  el_before_av_section   av-minimum-height av-minimum-height-custom  container_wrap fullsize' style='background-color: #ffffff; background-repeat: no-repeat; background-image: url(https:\/\/www.icanproject.eu\/wp-content\/uploads\/2021\/07\/hand-hold-burning-leaf-and-green-with-blur-of-dry-river-and-forest-DEF.png);background-attachment: scroll; background-position: top left;  '  data-section-bg-repeat='stretch'><div class='container' style='height:700px'><div class='template-page content  av-content-full alpha units'><div class='post-entry post-entry-type-page post-entry-182'><div class='entry-content-wrapper clearfix'>\n<div class=\"flex_column av_one_third  flex_column_div av-zero-column-padding first  avia-builder-el-17  el_before_av_one_third  avia-builder-el-first  text_blue \" style='border-radius:0px; '><p><section class=\"av_textblock_section \"  itemscope=\"itemscope\" itemtype=\"https:\/\/schema.org\/CreativeWork\" ><div class='avia_textblock  av_inherit_color '  style='color:#000000; '  itemprop=\"text\" ><p><strong>Kritikus gondolkod\u00e1s, fenntarthat\u00f3 egy\u00fcttm\u0171k\u00f6d\u00e9s, igazs\u00e1gos cselekv\u00e9s.<\/strong><\/p>\n<\/div><\/section><br \/>\n<div  style='padding-bottom:10px; color:#ffffff;' class='av-special-heading av-special-heading-h2 custom-color-heading blockquote modern-quote  avia-builder-el-19  el_after_av_textblock  el_before_av_button  '><h2 class='av-special-heading-tag '  itemprop=\"headline\"  >Szeretn\u00e9d megv\u00e1ltoztatni a vil\u00e1got?<\/h2><div class='special-heading-border'><div class='special-heading-inner-border' style='border-color:#ffffff'><\/div><\/div><\/div><br \/>\n<div  class='avia-button-wrap avia-button-left  avia-builder-el-20  el_after_av_heading  el_before_av_textblock ' ><a href='https:\/\/community.icanproject.eu\/?foro=signin&amp;redirect_to=https%3A%2F%2Fcommunity.icanproject.eu%2F' class='avia-button  avia-color-light  avia-font-color-theme-color  avia-icon_select-yes-left-icon avia-size-large avia-position-left ' target=\"_blank\" rel=\"noopener noreferrer\"><span class='avia_button_icon avia_button_icon_left ' aria-hidden='true' data-av_icon='\ue80c' data-av_iconfont='entypo-fontello'><\/span><span class='avia_iconbox_title' >I-CAN k\u00f6z\u00f6ss\u00e9g<\/span><span class='avia_button_background avia-button avia-color-custom' style='background-color:#ffffff;'><\/span><\/a><\/div><br \/>\n<section class=\"av_textblock_section \"  itemscope=\"itemscope\" itemtype=\"https:\/\/schema.org\/CreativeWork\" ><div class='avia_textblock  av_inherit_color '  style='font-size:10px; color:#ffffff; '  itemprop=\"text\" ><p style=\"text-align: left;\">Itt gy\u0171jtj\u00fck a di\u00e1kok fot\u00f3it<strong> \u201eProbl\u00e9m\u00e1k \u00e9s megold\u00e1sok a kl\u00edmav\u00e1ltoz\u00e1sra az iskol\u00e1nkban \u00e9s a k\u00f6z\u00f6ss\u00e9g\u00fcnkben\u201d<\/strong> c\u00edmen. A gy\u0171jtem\u00e9nybe a bejelentkez\u00e9st k\u00f6vet\u0151en t\u00f6lthet\u0151k fel k\u00e9pek. Ugyanitt a kl\u00edmav\u00e9delemmel kapcsolatos iskolai tev\u00e9kenys\u00e9gek el\u0151rehalad\u00e1sa is nyomon k\u00f6vethet\u0151.<\/p>\n<\/div><\/section><\/p><\/div><div class=\"flex_column av_one_third  flex_column_div av-zero-column-padding   avia-builder-el-22  el_after_av_one_third  el_before_av_one_third  \" style='border-radius:0px; '><\/div><div class=\"flex_column av_one_third  flex_column_div   avia-builder-el-23  el_after_av_one_third  avia-builder-el-last  \" style='background: rgba(75,186,232,0.4); padding:20px; background-color:rgba(75,186,232,0.4); border-radius:20px; '><p><section class=\"av_textblock_section \"  itemscope=\"itemscope\" itemtype=\"https:\/\/schema.org\/CreativeWork\" ><div class='avia_textblock  av_inherit_color '  style='color:#ffffff; '  itemprop=\"text\" ><p>Ha meg szeretn\u00e9 m\u00e9rni iskol\u00e1ja sz\u00e9nl\u00e1bnyom\u00e1t, sz\u00e1mos kalkul\u00e1tort k\u00edn\u00e1l\u00f3 webhely k\u00f6z\u00fcl v\u00e1laszthat. Mi ezt javasoljuk:<\/p>\n<\/div><\/section><br \/>\n<div  class='avia-button-wrap avia-button-left  avia-builder-el-25  el_after_av_textblock  el_before_av_textblock ' ><a href='https:\/\/footprint.wwf.org.uk\/questionnaire' class='avia-button  avia-color-light  avia-font-color-theme-color  avia-icon_select-no avia-size-large avia-position-left ' target=\"_blank\" rel=\"noopener noreferrer\"><span class='avia_iconbox_title' >WWF l\u00e1bnyom kalkul\u00e1tor<\/span><span class='avia_button_background avia-button avia-color-custom' style='background-color:#ffffff;'><\/span><\/a><\/div><br \/>\n<section class=\"av_textblock_section \"  itemscope=\"itemscope\" itemtype=\"https:\/\/schema.org\/CreativeWork\" ><div class='avia_textblock  av_inherit_color '  style='color:#ffffff; '  itemprop=\"text\" ><p>Ahhoz, hogy k\u00f6nnyebben felm\u00e9rhesse a saj\u00e1t, di\u00e1kokra gyakorolt hat\u00e1s\u00e1t, \u00e9s eligazodhasson a Kl\u00edmakonferencia kisokos feladatai, gyakorlatai k\u00f6z\u00f6tt, aj\u00e1nljuk figyelm\u00e9be:<\/p>\n<\/div><\/section><br \/>\n<div  class='avia-button-wrap avia-button-left  avia-builder-el-27  el_after_av_textblock  avia-builder-el-last ' ><a href='https:\/\/www.icanproject.eu\/hu\/climate_action_compass\/'  class='avia-button  avia-color-light  avia-font-color-theme-color  avia-icon_select-no avia-size-large avia-position-left '  target=\"_blank\"  rel=\"noopener noreferrer\"  ><span class='avia_iconbox_title' >Kl\u00edmav\u00e9delmi ir\u00e1nyt\u0171<\/span><span class='avia_button_background avia-button avia-color-custom' style='background-color:#ffffff;'><\/span><\/a><\/div><\/p><\/div><\/div><\/div><\/div><!-- close content main div --><\/div><\/div><div id='outputs'  class='avia-section alternate_color avia-section-default avia-no-border-styling  avia-bg-style-scroll  avia-builder-el-28  el_after_av_section  el_before_av_section   av-arrow-down-section container_wrap fullsize' style='background-color: #303030;  '  ><div class='container' ><div class='template-page content  av-content-full alpha units'><div class='post-entry post-entry-type-page post-entry-182'><div class='entry-content-wrapper clearfix'>\n<div  style='padding-bottom:10px; ' class='av-special-heading av-special-heading-h2  blockquote modern-quote modern-centered  avia-builder-el-29  el_before_av_one_third  avia-builder-el-first  '><h2 class='av-special-heading-tag '  itemprop=\"headline\"  >KIADV\u00c1NYOK<\/h2><div class='special-heading-border'><div class='special-heading-inner-border' ><\/div><\/div><\/div>\n<div class=\"flex_column av_one_third  flex_column_div av-zero-column-padding first  avia-builder-el-30  el_after_av_heading  el_before_av_one_third  \" style='border-radius:0px; '><p><div  style='padding-bottom:10px; ' class='av-special-heading av-special-heading-h2    avia-builder-el-31  el_before_av_textblock  avia-builder-el-first  av-linked-heading '><h2 class='av-special-heading-tag '  itemprop=\"headline\"  ><a href=\"https:\/\/www.icanproject.eu\/hu\/climate-action-guide\/\">K1<\/a><\/h2><div class='special-heading-border'><div class='special-heading-inner-border' ><\/div><\/div><\/div><br \/>\n<section class=\"av_textblock_section \"  itemscope=\"itemscope\" itemtype=\"https:\/\/schema.org\/CreativeWork\" ><div class='avia_textblock text_green '  style='font-size:16px; '  itemprop=\"text\" ><p>Kl\u00edmav\u00e9delmi \u00fatmutat\u00f3 tan\u00e1roknak, di\u00e1koknak, d\u00f6nt\u00e9shoz\u00f3knak: kritikai gondolkod\u00e1s, fenntarthat\u00f3 egy\u00fcttm\u0171k\u00f6d\u00e9s, igazs\u00e1gos cselekv\u00e9s<\/p>\n<p>Hogyan tegy\u00fck a kritikai gondolkod\u00e1s seg\u00edts\u00e9g\u00e9vel elk\u00f6telezett\u00e9 a tanul\u00f3kat a kl\u00edmav\u00e9delem \u00fcgye mellett, hogy a probl\u00e9m\u00e1t maguk\u00e9nak \u00e9rezve tegyenek a pozit\u00edv v\u00e1ltoz\u00e1s\u00e9rt.<\/p>\n<\/div><\/section><\/p><\/div><div class=\"flex_column av_one_third  flex_column_div av-zero-column-padding   avia-builder-el-33  el_after_av_one_third  el_before_av_one_third  \" style='border-radius:0px; '><p><div  style='padding-bottom:10px; ' class='av-special-heading av-special-heading-h2    avia-builder-el-34  el_before_av_textblock  avia-builder-el-first  '><h2 class='av-special-heading-tag '  itemprop=\"headline\"  >K2<\/h2><div class='special-heading-border'><div class='special-heading-inner-border' ><\/div><\/div><\/div><br \/>\n<section class=\"av_textblock_section \"  itemscope=\"itemscope\" itemtype=\"https:\/\/schema.org\/CreativeWork\" ><div class='avia_textblock text_blue '  style='font-size:16px; '  itemprop=\"text\" ><p>Kl\u00edmakonferencia kisokos: Tan\u00e1ri \u00fatmutat\u00f3 Kl\u00edmakonferenci\u00e1k szervez\u00e9s\u00e9hez, a kl\u00edmav\u00e9delmi akci\u00f3k t\u00e1mogat\u00e1s\u00e1hoz<\/p>\n<p>Hogyan szervezz\u00fcnk Kl\u00edmakonferenci\u00e1t az iskol\u00e1ban, vagy ak\u00e1r t\u00f6bb iskola bevon\u00e1s\u00e1val. Forr\u00e1sok, h\u00e1tt\u00e9ranyagok, gyakorlatok tan\u00e1roknak, nevel\u0151knek.<\/p>\n<\/div><\/section><\/p><\/div><div class=\"flex_column av_one_third  flex_column_div av-zero-column-padding   avia-builder-el-36  el_after_av_one_third  avia-builder-el-last  \" style='border-radius:0px; '><p><div  style='padding-bottom:10px; ' class='av-special-heading av-special-heading-h2    avia-builder-el-37  el_before_av_textblock  avia-builder-el-first  '><h2 class='av-special-heading-tag '  itemprop=\"headline\"  >K3<\/h2><div class='special-heading-border'><div class='special-heading-inner-border' ><\/div><\/div><\/div><br \/>\n<section class=\"av_textblock_section \"  itemscope=\"itemscope\" itemtype=\"https:\/\/schema.org\/CreativeWork\" ><div class='avia_textblock text_green '  style='font-size:16px; '  itemprop=\"text\" ><p>I-CAN e-learning platform<\/p>\n<p>K\u00f6z\u00f6ss\u00e9gi platform \u00e9s a digit\u00e1lis tanul\u00e1s helye tan\u00e1roknak \u00e9s iskol\u00e1knak.<\/p>\n<\/div><\/section><\/p><\/div>\n<\/p>\n<\/div><\/div><\/div><!-- close content main div --><\/div><div class='av-extra-border-element border-extra-arrow-down'><div class='av-extra-border-outer'><div class='av-extra-border-inner'  style='background-color:#303030;' ><\/div><\/div><\/div><\/div><div id='how'  class='avia-section main_color avia-section-default avia-no-border-styling  avia-bg-style-scroll  avia-builder-el-39  el_after_av_section  el_before_av_section   container_wrap fullsize' style=' '  ><div class='container' ><div class='template-page content  av-content-full alpha units'><div class='post-entry post-entry-type-page post-entry-182'><div class='entry-content-wrapper clearfix'>\n<div class=\"flex_column av_one_full  flex_column_div av-zero-column-padding first  avia-builder-el-40  avia-builder-el-no-sibling  \" style='border-radius:0px; '><p><div  style='padding-bottom:10px; ' class='av-special-heading av-special-heading-h2  blockquote modern-quote modern-centered  avia-builder-el-41  el_before_av_hr  avia-builder-el-first  '><h2 class='av-special-heading-tag '  itemprop=\"headline\"  >C\u00e9ljaink<\/h2><div class ='av-subheading av-subheading_below  ' style='font-size:15px;'><p>A projekt c\u00e9lj\u00e1nak el\u00e9r\u00e9se \u00e9rdek\u00e9ben az al\u00e1bbi l\u00e9p\u00e9seket tessz\u00fck:<\/p>\n<\/div><div class='special-heading-border'><div class='special-heading-inner-border' ><\/div><\/div><\/div><br \/>\n<div   class='hr hr-default   avia-builder-el-42  el_after_av_heading  el_before_av_timeline '><span class='hr-inner ' ><span class='hr-inner-style'><\/span><\/span><\/div><br \/>\n<div  id=\"ican-step\"  class='avia-timeline-container avia-slideshow-carousel   avia-builder-el-43  el_after_av_hr  avia-builder-el-last ' avia-data-slides='5'><ul class='avia-timeline avia-timeline-horizontal av-milestone-placement-bottom avia-timeline- avia_animate_when_almost_visible avia-timeline-animate'>\n<li  class='av-milestone av-animated-generic fade-in av-milestone-odd  '><article class='av-milestone-content-wrap'><div class='av-milestone-contentbox' ><header class=\"entry-content-header\"><h4  class=' '>Felm\u00e9rj\u00fck, hogyan jelenik meg a kl\u00edmav\u00e1ltoz\u00e1s k\u00e9rd\u00e9se a partnerorsz\u00e1gok oktat\u00e1si rendszer\u00e9ben<\/h4><\/header><div class='av-milestone-content' ><\/div><\/div><footer  class='entry-footer'><\/footer><\/article><div class=\"av-milestone-icon-wrap\"><span class='milestone_icon avia-font-entypo-fontello' ><span class='milestone_inner' ><i class='milestone-char' aria-hidden='true' data-av_icon='\ue8b8' data-av_iconfont='entypo-fontello'><\/i><\/span><\/span><\/div><h2 class='av-milestone-date  '  id='milestone-'><strong><span class='av-milestone-indicator'><\/span><\/strong><\/h2><\/li>\n<li  class='av-milestone av-animated-generic fade-in av-milestone-even  '><article class='av-milestone-content-wrap'><div class='av-milestone-contentbox' ><header class=\"entry-content-header\"><h4  class=' '>Fejlesztj\u00fck a tan\u00e1rok k\u00e9pess\u00e9g\u00e9t a kritikai gondolkod\u00e1s \u00f6szt\u00f6nz\u00e9s\u00e9re<\/h4><\/header><div class='av-milestone-content' ><\/div><\/div><footer  class='entry-footer'><\/footer><\/article><div class=\"av-milestone-icon-wrap\"><span class='milestone_icon avia-font-entypo-fontello' ><span class='milestone_inner' ><i class='milestone-char' aria-hidden='true' data-av_icon='\ue864' data-av_iconfont='entypo-fontello'><\/i><\/span><\/span><\/div><h2 class='av-milestone-date  '  id='milestone-'><strong><span class='av-milestone-indicator'><\/span><\/strong><\/h2><\/li>\n<li  class='av-milestone av-animated-generic fade-in av-milestone-odd  '><article class='av-milestone-content-wrap'><div class='av-milestone-contentbox' ><header class=\"entry-content-header\"><h4  class=' '>Megalkotunk egy modellt az ENSZ Kl\u00edmav\u00e9delmi konferenci\u00e1inak mint\u00e1j\u00e1ra, hogy a tanul\u00f3k gyakorolhass\u00e1k, fejleszthess\u00e9k kritikai gondolkod\u00e1si, egy\u00fcttm\u0171k\u00f6d\u00e9si \u00e9s d\u00f6nt\u00e9shozatali k\u00e9pess\u00e9geiket<\/h4><\/header><div class='av-milestone-content' ><\/div><\/div><footer  class='entry-footer'><\/footer><\/article><div class=\"av-milestone-icon-wrap\"><span class='milestone_icon avia-font-entypo-fontello' ><span class='milestone_inner' ><i class='milestone-char' aria-hidden='true' data-av_icon='\ue8b1' data-av_iconfont='entypo-fontello'><\/i><\/span><\/span><\/div><h2 class='av-milestone-date  '  id='milestone-'><strong><span class='av-milestone-indicator'><\/span><\/strong><\/h2><\/li>\n<li  class='av-milestone av-animated-generic fade-in av-milestone-even  '><article class='av-milestone-content-wrap'><div class='av-milestone-contentbox' ><header class=\"entry-content-header\"><h4  class=' '>E-learning anyagokkal, nemzetk\u00f6zi egy\u00fcttm\u0171k\u00f6d\u00e9sben val\u00f3 r\u00e9szv\u00e9tel lehet\u0151s\u00e9g\u00e9vel seg\u00edtj\u00fck a tan\u00e1rokat, nevel\u0151ket, \u00e9s iskol\u00e1kat<\/h4><\/header><div class='av-milestone-content' ><\/div><\/div><footer  class='entry-footer'><\/footer><\/article><div class=\"av-milestone-icon-wrap\"><span class='milestone_icon avia-font-entypo-fontello' ><span class='milestone_inner' ><i class='milestone-char' aria-hidden='true' data-av_icon='\ue8ab' data-av_iconfont='entypo-fontello'><\/i><\/span><\/span><\/div><h2 class='av-milestone-date  '  id='milestone-'><strong><span class='av-milestone-indicator'><\/span><\/strong><\/h2><\/li>\n<li  class='av-milestone av-animated-generic fade-in av-milestone-odd  '><article class='av-milestone-content-wrap'><div class='av-milestone-contentbox' ><header class=\"entry-content-header\"><h4  class=' '>Tan\u00e1rokat, tan\u00e1rjel\u00f6lteket seg\u00edt\u0151, online el\u00e9rhet\u0151 forr\u00e1sokat, seg\u00e9danyagokat dolgozunk ki \u00e9s terjeszt\u00fcnk<\/h4><\/header><div class='av-milestone-content' ><\/div><\/div><footer  class='entry-footer'><\/footer><\/article><div class=\"av-milestone-icon-wrap\"><span class='milestone_icon avia-font-entypo-fontello' ><span class='milestone_inner' ><i class='milestone-char' aria-hidden='true' data-av_icon='\ue8d2' data-av_iconfont='entypo-fontello'><\/i><\/span><\/span><\/div><h2 class='av-milestone-date  '  id='milestone-'><strong><span class='av-milestone-indicator'><\/span><\/strong><\/h2><\/li>\n<\/ul><div class='av-timeline-nav '><a href='#prev' class='prev-slide av-timeline-nav-prev'><span aria-hidden='true' data-av_icon='\ue87c' data-av_iconfont='entypo-fontello'>El\u0151z\u0151<\/span><\/a><a href='#next' class='next-slide av-timeline-nav-next'><span aria-hidden='true' data-av_icon='\ue87d' data-av_iconfont='entypo-fontello'>K\u00f6vetkez\u0151<\/span><\/a><\/div><\/div><\/p><\/div>\n\n<\/div><\/div><\/div><!-- close content main div --><\/div><\/div><div id='partners'  class='avia-section main_color avia-section-default avia-no-border-styling  avia-bg-style-scroll  avia-builder-el-44  el_after_av_section  avia-builder-el-last   container_wrap fullsize' style=' '  ><div class='container' ><div class='template-page content  av-content-full alpha units'><div class='post-entry post-entry-type-page post-entry-182'><div class='entry-content-wrapper clearfix'>\n<div  style='padding-bottom:10px; ' class='av-special-heading av-special-heading-h2  blockquote modern-quote modern-centered  avia-builder-el-45  el_before_av_one_full  avia-builder-el-first  '><h2 class='av-special-heading-tag '  itemprop=\"headline\"  >Egy\u00fcttm\u0171k\u00f6d\u0151 partnerek<\/h2><div class ='av-subheading av-subheading_below  ' style='font-size:15px;'><p>Click on the logos<\/p>\n<\/div><div class='special-heading-border'><div class='special-heading-inner-border' ><\/div><\/div><\/div>\n<div class=\"flex_column av_one_full  flex_column_div av-zero-column-padding first  avia-builder-el-46  el_after_av_heading  avia-builder-el-last  \" style='border-radius:0px; '><div   data-autoplay='false'  data-interval='5'  data-animation='slide'  class='avia-logo-element-container av-border-deactivate avia-logo-grid avia-content-slider avia-smallarrow-slider avia-content-grid-active noHover avia-content-slider1 avia-content-slider-even  avia-builder-el-47  avia-builder-el-no-sibling  ' ><div class='avia-smallarrow-slider-heading  no-logo-slider-heading '><div class='new-special-heading'>&nbsp;<\/div><\/div><div class='avia-content-slider-inner'><div class='slide-entry-wrap' ><div  class='slide-entry flex_column no_margin post-entry slide-entry-overview slide-loop-1 slide-parity-odd  av_one_sixth first real-thumbnail'><img decoding=\"async\" width=\"180\" height=\"180\" src=\"https:\/\/www.icanproject.eu\/wp-content\/uploads\/2021\/01\/ican-partner_0005_Livello-1-180x180.jpg\" class=\"wp-image-203 avia-img-lazy-loading-not-203 attachment-square size-square\" alt=\"\" srcset=\"https:\/\/www.icanproject.eu\/wp-content\/uploads\/2021\/01\/ican-partner_0005_Livello-1-180x180.jpg 180w, https:\/\/www.icanproject.eu\/wp-content\/uploads\/2021\/01\/ican-partner_0005_Livello-1-300x300.jpg 300w, https:\/\/www.icanproject.eu\/wp-content\/uploads\/2021\/01\/ican-partner_0005_Livello-1-80x80.jpg 80w, https:\/\/www.icanproject.eu\/wp-content\/uploads\/2021\/01\/ican-partner_0005_Livello-1-36x36.jpg 36w, https:\/\/www.icanproject.eu\/wp-content\/uploads\/2021\/01\/ican-partner_0005_Livello-1.jpg 400w\" sizes=\"(max-width: 180px) 100vw, 180px\" \/><\/div><div  class='slide-entry flex_column no_margin post-entry slide-entry-overview slide-loop-2 slide-parity-even  av_one_sixth  real-thumbnail'><img decoding=\"async\" width=\"180\" height=\"180\" src=\"https:\/\/www.icanproject.eu\/wp-content\/uploads\/2021\/01\/ican-partner_0002_Logo-Le-Partenariat-HD-180x180.jpg\" class=\"wp-image-200 avia-img-lazy-loading-not-200 attachment-square size-square\" alt=\"\" srcset=\"https:\/\/www.icanproject.eu\/wp-content\/uploads\/2021\/01\/ican-partner_0002_Logo-Le-Partenariat-HD-180x180.jpg 180w, https:\/\/www.icanproject.eu\/wp-content\/uploads\/2021\/01\/ican-partner_0002_Logo-Le-Partenariat-HD-300x300.jpg 300w, https:\/\/www.icanproject.eu\/wp-content\/uploads\/2021\/01\/ican-partner_0002_Logo-Le-Partenariat-HD-80x80.jpg 80w, https:\/\/www.icanproject.eu\/wp-content\/uploads\/2021\/01\/ican-partner_0002_Logo-Le-Partenariat-HD-36x36.jpg 36w, https:\/\/www.icanproject.eu\/wp-content\/uploads\/2021\/01\/ican-partner_0002_Logo-Le-Partenariat-HD.jpg 400w\" sizes=\"(max-width: 180px) 100vw, 180px\" \/><\/div><div  class='slide-entry flex_column no_margin post-entry slide-entry-overview slide-loop-3 slide-parity-odd  av_one_sixth  real-thumbnail'><img decoding=\"async\" width=\"180\" height=\"180\" src=\"https:\/\/www.icanproject.eu\/wp-content\/uploads\/2021\/01\/ican-partner_0003_LABC-logo-180x180.jpg\" class=\"wp-image-201 avia-img-lazy-loading-not-201 attachment-square size-square\" alt=\"\" srcset=\"https:\/\/www.icanproject.eu\/wp-content\/uploads\/2021\/01\/ican-partner_0003_LABC-logo-180x180.jpg 180w, https:\/\/www.icanproject.eu\/wp-content\/uploads\/2021\/01\/ican-partner_0003_LABC-logo-300x300.jpg 300w, https:\/\/www.icanproject.eu\/wp-content\/uploads\/2021\/01\/ican-partner_0003_LABC-logo-80x80.jpg 80w, https:\/\/www.icanproject.eu\/wp-content\/uploads\/2021\/01\/ican-partner_0003_LABC-logo-36x36.jpg 36w, https:\/\/www.icanproject.eu\/wp-content\/uploads\/2021\/01\/ican-partner_0003_LABC-logo.jpg 400w\" sizes=\"(max-width: 180px) 100vw, 180px\" \/><\/div><div  class='slide-entry flex_column no_margin post-entry slide-entry-overview slide-loop-4 slide-parity-even  av_one_sixth  real-thumbnail'><img decoding=\"async\" width=\"180\" height=\"180\" src=\"https:\/\/www.icanproject.eu\/wp-content\/uploads\/2021\/01\/ican-partner_0004_ICT_A4_Col-180x180.jpg\" class=\"wp-image-202 avia-img-lazy-loading-not-202 attachment-square size-square\" alt=\"\" srcset=\"https:\/\/www.icanproject.eu\/wp-content\/uploads\/2021\/01\/ican-partner_0004_ICT_A4_Col-180x180.jpg 180w, https:\/\/www.icanproject.eu\/wp-content\/uploads\/2021\/01\/ican-partner_0004_ICT_A4_Col-300x300.jpg 300w, https:\/\/www.icanproject.eu\/wp-content\/uploads\/2021\/01\/ican-partner_0004_ICT_A4_Col-80x80.jpg 80w, https:\/\/www.icanproject.eu\/wp-content\/uploads\/2021\/01\/ican-partner_0004_ICT_A4_Col-36x36.jpg 36w, https:\/\/www.icanproject.eu\/wp-content\/uploads\/2021\/01\/ican-partner_0004_ICT_A4_Col.jpg 400w\" sizes=\"(max-width: 180px) 100vw, 180px\" \/><\/div><div  class='slide-entry flex_column no_margin post-entry slide-entry-overview slide-loop-5 slide-parity-odd  av_one_sixth  real-thumbnail'><img decoding=\"async\" width=\"180\" height=\"180\" src=\"https:\/\/www.icanproject.eu\/wp-content\/uploads\/2021\/01\/ican-partner_0001_AP_logo_fekete_600px-180x180.jpg\" class=\"wp-image-183 avia-img-lazy-loading-not-183 attachment-square size-square\" alt=\"\" srcset=\"https:\/\/www.icanproject.eu\/wp-content\/uploads\/2021\/01\/ican-partner_0001_AP_logo_fekete_600px-180x180.jpg 180w, https:\/\/www.icanproject.eu\/wp-content\/uploads\/2021\/01\/ican-partner_0001_AP_logo_fekete_600px-300x300.jpg 300w, https:\/\/www.icanproject.eu\/wp-content\/uploads\/2021\/01\/ican-partner_0001_AP_logo_fekete_600px-80x80.jpg 80w, https:\/\/www.icanproject.eu\/wp-content\/uploads\/2021\/01\/ican-partner_0001_AP_logo_fekete_600px-36x36.jpg 36w, https:\/\/www.icanproject.eu\/wp-content\/uploads\/2021\/01\/ican-partner_0001_AP_logo_fekete_600px.jpg 400w\" sizes=\"(max-width: 180px) 100vw, 180px\" \/><\/div><div  class='slide-entry flex_column no_margin post-entry slide-entry-overview slide-loop-6 slide-parity-even  post-entry-last  av_one_sixth  real-thumbnail'><img decoding=\"async\" width=\"180\" height=\"180\" src=\"https:\/\/www.icanproject.eu\/wp-content\/uploads\/2021\/01\/ican-partner_0000_19COOP-LOGO-1-180x180.jpg\" class=\"wp-image-204 avia-img-lazy-loading-not-204 attachment-square size-square\" alt=\"\" srcset=\"https:\/\/www.icanproject.eu\/wp-content\/uploads\/2021\/01\/ican-partner_0000_19COOP-LOGO-1-180x180.jpg 180w, https:\/\/www.icanproject.eu\/wp-content\/uploads\/2021\/01\/ican-partner_0000_19COOP-LOGO-1-300x300.jpg 300w, https:\/\/www.icanproject.eu\/wp-content\/uploads\/2021\/01\/ican-partner_0000_19COOP-LOGO-1-80x80.jpg 80w, https:\/\/www.icanproject.eu\/wp-content\/uploads\/2021\/01\/ican-partner_0000_19COOP-LOGO-1-36x36.jpg 36w, https:\/\/www.icanproject.eu\/wp-content\/uploads\/2021\/01\/ican-partner_0000_19COOP-LOGO-1.jpg 400w\" sizes=\"(max-width: 180px) 100vw, 180px\" \/><\/div><\/div><\/div><\/div><\/div>\n\n","protected":false},"excerpt":{"rendered":"","protected":false},"author":1,"featured_media":0,"parent":0,"menu_order":0,"comment_status":"closed","ping_status":"open","template":"","meta":{"footnotes":""},"class_list":["post-182","page","type-page","status-publish","hentry"],"yoast_head":"<!-- This site is optimized with the Yoast SEO plugin v21.9.1 - https:\/\/yoast.com\/wordpress\/plugins\/seo\/ -->\n<title>INTERNATIONAL CLIMATE ACTION NETWORK (I-CAN) - Ican Project<\/title>\n<meta name=\"robots\" content=\"index, follow, max-snippet:-1, max-image-preview:large, max-video-preview:-1\" \/>\n<link rel=\"canonical\" href=\"https:\/\/www.icanproject.eu\/hu\/\" \/>\n<meta property=\"og:locale\" content=\"hu_HU\" \/>\n<meta property=\"og:type\" content=\"article\" \/>\n<meta property=\"og:title\" content=\"INTERNATIONAL CLIMATE ACTION NETWORK (I-CAN) - Ican Project\" \/>\n<meta property=\"og:url\" content=\"https:\/\/www.icanproject.eu\/hu\/\" \/>\n<meta property=\"og:site_name\" content=\"Ican Project\" \/>\n<meta property=\"article:modified_time\" content=\"2023-04-21T08:51:56+00:00\" \/>\n<meta name=\"twitter:card\" content=\"summary_large_image\" \/>\n<meta name=\"twitter:label1\" content=\"Becs\u00fclt olvas\u00e1si id\u0151\" \/>\n\t<meta name=\"twitter:data1\" content=\"9 perc\" \/>\n<script type=\"application\/ld+json\" class=\"yoast-schema-graph\">{\"@context\":\"https:\/\/schema.org\",\"@graph\":[{\"@type\":\"WebPage\",\"@id\":\"https:\/\/www.icanproject.eu\/hu\/\",\"url\":\"https:\/\/www.icanproject.eu\/hu\/\",\"name\":\"INTERNATIONAL CLIMATE ACTION NETWORK (I-CAN) - Ican Project\",\"isPartOf\":{\"@id\":\"https:\/\/www.icanproject.eu\/hu\/#website\"},\"datePublished\":\"2021-01-18T11:42:00+00:00\",\"dateModified\":\"2023-04-21T08:51:56+00:00\",\"breadcrumb\":{\"@id\":\"https:\/\/www.icanproject.eu\/hu\/#breadcrumb\"},\"inLanguage\":\"hu\",\"potentialAction\":[{\"@type\":\"ReadAction\",\"target\":[\"https:\/\/www.icanproject.eu\/hu\/\"]}]},{\"@type\":\"BreadcrumbList\",\"@id\":\"https:\/\/www.icanproject.eu\/hu\/#breadcrumb\",\"itemListElement\":[{\"@type\":\"ListItem\",\"position\":1,\"name\":\"Home\",\"item\":\"https:\/\/www.icanproject.eu\/hu\/\"},{\"@type\":\"ListItem\",\"position\":2,\"name\":\"INTERNATIONAL CLIMATE ACTION NETWORK (I-CAN)\"}]},{\"@type\":\"WebSite\",\"@id\":\"https:\/\/www.icanproject.eu\/hu\/#website\",\"url\":\"https:\/\/www.icanproject.eu\/hu\/\",\"name\":\"Ican Project\",\"description\":\"INTERNATIONAL CLIMATE ACTION NETWORK (I-CAN)\",\"potentialAction\":[{\"@type\":\"SearchAction\",\"target\":{\"@type\":\"EntryPoint\",\"urlTemplate\":\"https:\/\/www.icanproject.eu\/hu\/?s={search_term_string}\"},\"query-input\":\"required name=search_term_string\"}],\"inLanguage\":\"hu\"}]}<\/script>\n<!-- \/ Yoast SEO plugin. -->","yoast_head_json":{"title":"INTERNATIONAL CLIMATE ACTION NETWORK (I-CAN) - Ican Project","robots":{"index":"index","follow":"follow","max-snippet":"max-snippet:-1","max-image-preview":"max-image-preview:large","max-video-preview":"max-video-preview:-1"},"canonical":"https:\/\/www.icanproject.eu\/hu\/","og_locale":"hu_HU","og_type":"article","og_title":"INTERNATIONAL CLIMATE ACTION NETWORK (I-CAN) - Ican Project","og_url":"https:\/\/www.icanproject.eu\/hu\/","og_site_name":"Ican Project","article_modified_time":"2023-04-21T08:51:56+00:00","twitter_card":"summary_large_image","twitter_misc":{"Becs\u00fclt olvas\u00e1si id\u0151":"9 perc"},"schema":{"@context":"https:\/\/schema.org","@graph":[{"@type":"WebPage","@id":"https:\/\/www.icanproject.eu\/hu\/","url":"https:\/\/www.icanproject.eu\/hu\/","name":"INTERNATIONAL CLIMATE ACTION NETWORK (I-CAN) - Ican Project","isPartOf":{"@id":"https:\/\/www.icanproject.eu\/hu\/#website"},"datePublished":"2021-01-18T11:42:00+00:00","dateModified":"2023-04-21T08:51:56+00:00","breadcrumb":{"@id":"https:\/\/www.icanproject.eu\/hu\/#breadcrumb"},"inLanguage":"hu","potentialAction":[{"@type":"ReadAction","target":["https:\/\/www.icanproject.eu\/hu\/"]}]},{"@type":"BreadcrumbList","@id":"https:\/\/www.icanproject.eu\/hu\/#breadcrumb","itemListElement":[{"@type":"ListItem","position":1,"name":"Home","item":"https:\/\/www.icanproject.eu\/hu\/"},{"@type":"ListItem","position":2,"name":"INTERNATIONAL CLIMATE ACTION NETWORK (I-CAN)"}]},{"@type":"WebSite","@id":"https:\/\/www.icanproject.eu\/hu\/#website","url":"https:\/\/www.icanproject.eu\/hu\/","name":"Ican Project","description":"INTERNATIONAL CLIMATE ACTION NETWORK (I-CAN)","potentialAction":[{"@type":"SearchAction","target":{"@type":"EntryPoint","urlTemplate":"https:\/\/www.icanproject.eu\/hu\/?s={search_term_string}"},"query-input":"required name=search_term_string"}],"inLanguage":"hu"}]}},"_links":{"self":[{"href":"https:\/\/www.icanproject.eu\/hu\/wp-json\/wp\/v2\/pages\/182","targetHints":{"allow":["GET"]}}],"collection":[{"href":"https:\/\/www.icanproject.eu\/hu\/wp-json\/wp\/v2\/pages"}],"about":[{"href":"https:\/\/www.icanproject.eu\/hu\/wp-json\/wp\/v2\/types\/page"}],"author":[{"embeddable":true,"href":"https:\/\/www.icanproject.eu\/hu\/wp-json\/wp\/v2\/users\/1"}],"replies":[{"embeddable":true,"href":"https:\/\/www.icanproject.eu\/hu\/wp-json\/wp\/v2\/comments?post=182"}],"version-history":[{"count":16,"href":"https:\/\/www.icanproject.eu\/hu\/wp-json\/wp\/v2\/pages\/182\/revisions"}],"predecessor-version":[{"id":1827,"href":"https:\/\/www.icanproject.eu\/hu\/wp-json\/wp\/v2\/pages\/182\/revisions\/1827"}],"wp:attachment":[{"href":"https:\/\/www.icanproject.eu\/hu\/wp-json\/wp\/v2\/media?parent=182"}],"curies":[{"name":"wp","href":"https:\/\/api.w.org\/{rel}","templated":true}]}}